{"id":20,"date":"2026-04-28T21:30:41","date_gmt":"2026-04-28T21:30:41","guid":{"rendered":"http:\/\/milakroffphoto.com\/?page_id=20"},"modified":"2026-04-28T21:30:41","modified_gmt":"2026-04-28T21:30:41","slug":"presentation","status":"publish","type":"page","link":"https:\/\/milakroffphoto.com\/index.php\/presentation\/","title":{"rendered":"Pr\u00e9sentation"},"content":{"rendered":"\n<p>Je m\u2019appelle Mila Vikroff et je suis passionn\u00e9e de photographie depuis mon plus jeune \u00e2ge, au point d\u2019en faire aujourd\u2019hui mon m\u00e9tier. Mes nombreux voyages m\u2019ont appris \u00e0 observer attentivement les paysages comme les \u00eatres humains. Apr\u00e8s des \u00e9tudes en communication, o\u00f9 la d\u00e9couverte de la s\u00e9miologie de l\u2019image a \u00e9t\u00e9 une r\u00e9v\u00e9lation, j\u2019ai choisi une vie saisonni\u00e8re qui a renforc\u00e9 mon sens du relationnel tout en nourrissant mon go\u00fbt pour l\u2019aventure. Dipl\u00f4m\u00e9e Divemaster en plong\u00e9e sous-marine, j\u2019ai d\u00e9velopp\u00e9 patience, pr\u00e9cision et sens du d\u00e9tail. Form\u00e9e professionnellement \u00e0 la photographie, je me donne pour mission de r\u00e9v\u00e9ler votre singularit\u00e9 \u00e0 travers des images authentiques et fid\u00e8les \u00e0 qui vous \u00eates.<\/p>\n\n\n\n<figure class=\"wp-block-image size-full\"><img loading=\"lazy\" decoding=\"async\" width=\"426\" height=\"511\" src=\"http:\/\/milakroffphoto.com\/wp-content\/uploads\/2026\/04\/Mila-1.png\" alt=\"\" class=\"wp-image-21\" srcset=\"https:\/\/milakroffphoto.com\/wp-content\/uploads\/2026\/04\/Mila-1.png 426w, https:\/\/milakroffphoto.com\/wp-content\/uploads\/2026\/04\/Mila-1-250x300.png 250w\" sizes=\"auto, (max-width: 426px) 100vw, 426px\" \/><\/figure>\n","protected":false},"excerpt":{"rendered":"<p>Je m\u2019appelle Mila Vikroff et je suis passionn\u00e9e de photographie depuis mon plus jeune \u00e2ge, au point d\u2019en faire aujourd\u2019hui &hellip; <a href=\"https:\/\/milakroffphoto.com\/index.php\/presentation\/\" class=\"more-link\">Continue reading <span class=\"screen-reader-text\">Pr\u00e9sentation<\/span><\/a><\/p>\n","protected":false},"author":1,"featured_media":0,"parent":0,"menu_order":0,"comment_status":"closed","ping_status":"closed","template":"","meta":{"footnotes":""},"class_list":["post-20","page","type-page","status-publish","hentry"],"_links":{"self":[{"href":"https:\/\/milakroffphoto.com\/index.php\/wp-json\/wp\/v2\/pages\/20","targetHints":{"allow":["GET"]}}],"collection":[{"href":"https:\/\/milakroffphoto.com\/index.php\/wp-json\/wp\/v2\/pages"}],"about":[{"href":"https:\/\/milakroffphoto.com\/index.php\/wp-json\/wp\/v2\/types\/page"}],"author":[{"embeddable":true,"href":"https:\/\/milakroffphoto.com\/index.php\/wp-json\/wp\/v2\/users\/1"}],"replies":[{"embeddable":true,"href":"https:\/\/milakroffphoto.com\/index.php\/wp-json\/wp\/v2\/comments?post=20"}],"version-history":[{"count":2,"href":"https:\/\/milakroffphoto.com\/index.php\/wp-json\/wp\/v2\/pages\/20\/revisions"}],"predecessor-version":[{"id":27,"href":"https:\/\/milakroffphoto.com\/index.php\/wp-json\/wp\/v2\/pages\/20\/revisions\/27"}],"wp:attachment":[{"href":"https:\/\/milakroffphoto.com\/index.php\/wp-json\/wp\/v2\/media?parent=20"}],"curies":[{"name":"wp","href":"https:\/\/api.w.org\/{rel}","templated":true}]}}